{"id":83,"date":"2025-01-03T08:26:08","date_gmt":"2025-01-03T08:26:08","guid":{"rendered":"http:\/\/localhost\/wordpress\/?page_id=83"},"modified":"2025-01-06T06:42:53","modified_gmt":"2025-01-06T06:42:53","slug":"linhas-de-financiamento-da-manjo-microcredito","status":"publish","type":"page","link":"https:\/\/mj.co.mz\/?page_id=83","title":{"rendered":"Linhas de Financiamento da MANJO Microcr\u00e9dito"},"content":{"rendered":"\n<div class=\"wp-block-group has-theme-2-color has-text-color has-link-color wp-elements-828997afcc5800ee892c84d71156e169 is-layout-constrained wp-container-core-group-is-layout-c56292ac wp-block-group-is-layout-constrained\" style=\"padding-top:20px;padding-right:30px;padding-bottom:20px;padding-left:30px\">\n<p style=\"line-height:1.6\">A MANJO Microcr\u00e9dito \u00e9 uma institui\u00e7\u00e3o dedicada a apoiar o desenvolvimento econ\u00f3mico em Mo\u00e7ambique, oferecendo solu\u00e7\u00f5es financeiras acess\u00edveis e adaptadas \u00e0s necessidades de indiv\u00edduos, microempresas e pequenos neg\u00f3cios. Sabemos que o acesso ao cr\u00e9dito \u00e9 essencial para impulsionar o crescimento, superar desafios e transformar sonhos em realidade.<\/p>\n\n\n\n<div style=\"height:29px\" aria-hidden=\"true\" class=\"wp-block-spacer\"><\/div>\n\n\n\n<p style=\"line-height:1.6\">Conhe\u00e7a as nossas linhas de financiamento e escolha a que melhor se adapta aos seus objetivos:<\/p>\n\n\n\n<ul class=\"wp-block-list\">\n<li style=\"line-height:1.6\">Cr\u00e9dito para Emerg\u00eancias<\/li>\n\n\n\n<li style=\"line-height:1.6\">Financiamento para Microempresas<\/li>\n<\/ul>\n\n\n\n<div style=\"height:40px\" aria-hidden=\"true\" class=\"wp-block-spacer\"><\/div>\n<\/div>\n\n\n\n<div class=\"wp-block-group is-layout-constrained wp-container-core-group-is-layout-1bef57e6 wp-block-group-is-layout-constrained\" style=\"padding-top:0px;padding-right:30px;padding-bottom:0px;padding-left:30px\">\n<h2 class=\"wp-block-heading has-theme-0-color has-text-color has-link-color wp-elements-6f05ab7086f1b2d0cfa2052c81acd9cb\">Cr\u00e9dito para Emerg\u00eancias<\/h2>\n\n\n\n<div style=\"height:29px\" aria-hidden=\"true\" class=\"wp-block-spacer\"><\/div>\n\n\n\n<div class=\"wp-block-media-text is-stacked-on-mobile\" style=\"grid-template-columns:33% auto\"><figure class=\"wp-block-media-text__media\"><img fetchpriority=\"high\" decoding=\"async\" width=\"303\" height=\"166\" src=\"https:\/\/mj.co.mz\/wp-content\/uploads\/2025\/01\/Credito_emergencia-1.jpg\" alt=\"\" class=\"wp-image-98 size-full\" srcset=\"https:\/\/mj.co.mz\/wp-content\/uploads\/2025\/01\/Credito_emergencia-1.jpg 303w, https:\/\/mj.co.mz\/wp-content\/uploads\/2025\/01\/Credito_emergencia-1-300x164.jpg 300w\" sizes=\"(max-width: 303px) 100vw, 303px\" \/><\/figure><div class=\"wp-block-media-text__content\">\n<div class=\"wp-block-group has-theme-2-color has-text-color has-link-color wp-elements-57318dede662644431e16d73140f6a97 is-layout-constrained wp-block-group-is-layout-constrained\" style=\"margin-top:20px;margin-bottom:20px\">\n<p style=\"line-height:1.6\">Porque sabemos que imprevistos acontecem, disponibilizamos uma linha de cr\u00e9dito r\u00e1pida e acess\u00edvel para situa\u00e7\u00f5es de emerg\u00eancia.<\/p>\n\n\n\n<ul class=\"wp-block-list\">\n<li style=\"line-height:1.6\"><strong>Objetivo<\/strong>: Cobrir despesas imprevistas, como sa\u00fade ou repara\u00e7\u00f5es urgentes.<\/li>\n\n\n\n<li style=\"line-height:1.6\"><strong>Montante Dispon\u00edvel<\/strong>: At\u00e9 [valor espec\u00edfico].<\/li>\n\n\n\n<li style=\"line-height:1.6\"><strong>Prazo<\/strong>: Curto prazo (at\u00e9 [n\u00famero de meses]).<\/li>\n\n\n\n<li style=\"line-height:1.6\"><strong>Benef\u00edcios<\/strong>:\n<ul class=\"wp-block-list\">\n<li>Aprova\u00e7\u00e3o r\u00e1pida.<\/li>\n\n\n\n<li>Processos simplificados.<\/li>\n<\/ul>\n<\/li>\n<\/ul>\n<\/div>\n<\/div><\/div>\n\n\n\n<div style=\"height:50px\" aria-hidden=\"true\" class=\"wp-block-spacer\"><\/div>\n\n\n\n<hr class=\"wp-block-separator has-text-color has-theme-8-color has-alpha-channel-opacity has-theme-8-background-color has-background is-style-wide\" style=\"margin-top:var(--wp--preset--spacing--30);margin-bottom:var(--wp--preset--spacing--30)\"\/>\n<\/div>\n\n\n\n<div class=\"wp-block-group is-layout-constrained wp-container-core-group-is-layout-1bef57e6 wp-block-group-is-layout-constrained\" style=\"padding-top:0px;padding-right:30px;padding-bottom:0px;padding-left:30px\">\n<h2 class=\"wp-block-heading has-theme-0-color has-text-color has-link-color wp-elements-8ce0d2325695dd1b375da6a7bbb6272d\">Financiamento para Microempresas<\/h2>\n\n\n\n<div style=\"height:29px\" aria-hidden=\"true\" class=\"wp-block-spacer\"><\/div>\n\n\n\n<div class=\"wp-block-media-text is-stacked-on-mobile\" style=\"grid-template-columns:33% auto\"><figure class=\"wp-block-media-text__media\"><img fetchpriority=\"high\" decoding=\"async\" width=\"303\" height=\"166\" src=\"https:\/\/mj.co.mz\/wp-content\/uploads\/2025\/01\/Credito_emergencia-1.jpg\" alt=\"\" class=\"wp-image-98 size-full\" srcset=\"https:\/\/mj.co.mz\/wp-content\/uploads\/2025\/01\/Credito_emergencia-1.jpg 303w, https:\/\/mj.co.mz\/wp-content\/uploads\/2025\/01\/Credito_emergencia-1-300x164.jpg 300w\" sizes=\"(max-width: 303px) 100vw, 303px\" \/><\/figure><div class=\"wp-block-media-text__content\">\n<div class=\"wp-block-group has-theme-2-color has-text-color has-link-color wp-elements-7613872e06de30226c794d8f9856d57b is-layout-constrained wp-block-group-is-layout-constrained\" style=\"padding-top:20px;padding-bottom:20px\">\n<p style=\"line-height:1.6\">Se \u00e9 propriet\u00e1rio de uma microempresa ou est\u00e1 a iniciar um neg\u00f3cio, esta linha de cr\u00e9dito foi feita para si.<\/p>\n\n\n\n<ul class=\"wp-block-list\">\n<li style=\"line-height:1.6\"><strong>Objetivo<\/strong>: Apoiar na aquisi\u00e7\u00e3o de capital de giro, compra de equipamentos ou expans\u00e3o do neg\u00f3cio.<\/li>\n\n\n\n<li style=\"line-height:1.6\"><strong>Montante Dispon\u00edvel<\/strong>: At\u00e9 [valor espec\u00edfico].<\/li>\n\n\n\n<li style=\"line-height:1.6\"><strong>Prazo<\/strong>: At\u00e9 [n\u00famero de meses\/anos].<\/li>\n\n\n\n<li style=\"line-height:1.6\"><strong>Benef\u00edcios<\/strong>:\n<ul class=\"wp-block-list\">\n<li>Processo simplificado.<\/li>\n\n\n\n<li>Taxas de juro competitivas.<\/li>\n\n\n\n<li>Flexibilidade no pagamento.<\/li>\n<\/ul>\n<\/li>\n<\/ul>\n<\/div>\n<\/div><\/div>\n\n\n\n<div style=\"height:50px\" aria-hidden=\"true\" class=\"wp-block-spacer\"><\/div>\n<\/div>\n","protected":false},"excerpt":{"rendered":"<p>A MANJO Microcr\u00e9dito \u00e9 uma institui\u00e7\u00e3o dedicada a apoiar o desenvolvimento econ\u00f3mico em Mo\u00e7ambique, oferecendo solu\u00e7\u00f5es financeiras acess\u00edveis e adaptadas \u00e0s necessidades de indiv\u00edduos, microempresas e pequenos neg\u00f3cios. Sabemos que o acesso ao cr\u00e9dito \u00e9 essencial para impulsionar o crescimento, superar desafios e transformar sonhos em realidade. Conhe\u00e7a as nossas linhas de financiamento e escolha [&hellip;]<\/p>\n","protected":false},"author":1,"featured_media":0,"parent":0,"menu_order":0,"comment_status":"closed","ping_status":"closed","template":"","meta":{"footnotes":""},"class_list":["post-83","page","type-page","status-publish","hentry"],"_links":{"self":[{"href":"https:\/\/mj.co.mz\/index.php?rest_route=\/wp\/v2\/pages\/83","targetHints":{"allow":["GET"]}}],"collection":[{"href":"https:\/\/mj.co.mz\/index.php?rest_route=\/wp\/v2\/pages"}],"about":[{"href":"https:\/\/mj.co.mz\/index.php?rest_route=\/wp\/v2\/types\/page"}],"author":[{"embeddable":true,"href":"https:\/\/mj.co.mz\/index.php?rest_route=\/wp\/v2\/users\/1"}],"replies":[{"embeddable":true,"href":"https:\/\/mj.co.mz\/index.php?rest_route=%2Fwp%2Fv2%2Fcomments&post=83"}],"version-history":[{"count":22,"href":"https:\/\/mj.co.mz\/index.php?rest_route=\/wp\/v2\/pages\/83\/revisions"}],"predecessor-version":[{"id":212,"href":"https:\/\/mj.co.mz\/index.php?rest_route=\/wp\/v2\/pages\/83\/revisions\/212"}],"wp:attachment":[{"href":"https:\/\/mj.co.mz\/index.php?rest_route=%2Fwp%2Fv2%2Fmedia&parent=83"}],"curies":[{"name":"wp","href":"https:\/\/api.w.org\/{rel}","templated":true}]}}